{"id":63,"date":"2023-05-23T09:28:00","date_gmt":"2023-05-23T09:28:00","guid":{"rendered":"http:\/\/math-in.net\/9imw\/?page_id=63"},"modified":"2023-06-14T09:09:10","modified_gmt":"2023-06-14T09:09:10","slug":"inscricao","status":"publish","type":"page","link":"https:\/\/math-in.net\/9imw\/pt\/inscricao\/","title":{"rendered":"Instru\u00e7\u00f5es para os participantes"},"content":{"rendered":"<h4><strong>Instru\u00e7\u00f5es para os participantes<\/strong><\/h4>\n<p>A inscri\u00e7\u00e3o na IX Semana Ib\u00e9rica de Modela\u00e7\u00e3o inclui: refei\u00e7\u00f5es e programa social. Os candidatos devem preencher o documento de <span style=\"color: #0000ff;\"><strong><a style=\"color: #0000ff;\" href=\"https:\/\/forms.gle\/GFoKSet9kCn3xGHo7\">liga\u00e7\u00e3o associado.<\/a><\/strong><\/span><\/p>\n<p>Existe um n\u00famero limitado de bolsas para alojamento de estudantes deslocados. Os candidatos interessados em concorrer a tais bolsas dever\u00e3o anexar ao formul\u00e1rio de inscri\u00e7\u00e3o uma carta de recomenda\u00e7\u00e3o de algum investigador de sua institui\u00e7\u00e3o<span class=\"ui-provider gs b c d e f g h i j k l m n o p q r s t u v w x y z ab ac ae af ag ah ai aj ak\" dir=\"ltr\">\u00a0para o seguinte endere\u00e7o eletr\u00f3nico: <a href=\"mailto:transferencia@math-in.net\"><strong><span style=\"color: #0000ff;\">transferencia@math-in.net<\/span><\/strong><\/a><br \/>\n<\/span><\/p>\n<p><strong>Datas importantes:<\/strong><\/p>\n<p>-Prazo para escolha dos problemas de trabalho: a ser anunciado.<\/p>\n<p>-Data limite de inscri\u00e7\u00e3o: 9 de julho. As inscri\u00e7\u00f5es ser\u00e3o fechadas quando se atingir o n\u00famero m\u00e1ximo de participantes (30). A inscri\u00e7\u00e3o ser\u00e1 por ordem de chegada.<\/p>\n<p>Ser\u00e1 entregue um certificado de participa\u00e7\u00e3o.<\/p>\n<p><strong>Alojamento<\/strong>:<\/p>\n<p>H\u00e1 um n\u00famero limitado de quartos dispon\u00edveis na resid\u00eancia de estudantes da Universitat de les Illes Balears (UIB), localizada no Campus da UIB.<\/p>\n<p>Entre em contato com a <a href=\"mailto:residencia@uib.es\">residencia@uib.es<\/a>, e coloque no assunto \u00abIberian Modelling Week Workshop\u00bb.<\/p>\n","protected":false},"excerpt":{"rendered":"<p>Instru\u00e7\u00f5es para os participantes A inscri\u00e7\u00e3o na IX Semana Ib\u00e9rica [&hellip;]<\/p>\n","protected":false},"author":5,"featured_media":0,"parent":0,"menu_order":0,"comment_status":"closed","ping_status":"closed","template":"","meta":[],"yoast_head":"<!-- This site is optimized with the Yoast SEO plugin v19.0 - https:\/\/yoast.com\/wordpress\/plugins\/seo\/ -->\n<title>Instru\u00e7\u00f5es para os participantes - IX IBERIAN MODELLING WEEK<\/title>\n<meta name=\"robots\" content=\"index, follow, max-snippet:-1, max-image-preview:large, max-video-preview:-1\" \/>\n<link rel=\"canonical\" href=\"https:\/\/math-in.net\/9imw\/pt\/inscricao\/\" \/>\n<meta property=\"og:locale\" content=\"es_ES\" \/>\n<meta property=\"og:type\" content=\"article\" \/>\n<meta property=\"og:title\" content=\"Instru\u00e7\u00f5es para os participantes - IX IBERIAN MODELLING WEEK\" \/>\n<meta property=\"og:description\" content=\"Instru\u00e7\u00f5es para os participantes A inscri\u00e7\u00e3o na IX Semana Ib\u00e9rica [&hellip;]\" \/>\n<meta property=\"og:url\" content=\"https:\/\/math-in.net\/9imw\/pt\/inscricao\/\" \/>\n<meta property=\"og:site_name\" content=\"IX IBERIAN MODELLING WEEK\" \/>\n<meta property=\"article:modified_time\" content=\"2023-06-14T09:09:10+00:00\" \/>\n<meta name=\"twitter:card\" content=\"summary_large_image\" \/>\n<meta name=\"twitter:label1\" content=\"Tiempo de lectura\" \/>\n\t<meta name=\"twitter:data1\" content=\"1 minuto\" \/>\n<script type=\"application\/ld+json\" class=\"yoast-schema-graph\">{\"@context\":\"https:\/\/schema.org\",\"@graph\":[{\"@type\":\"WebSite\",\"@id\":\"https:\/\/math-in.net\/9imw\/#website\",\"url\":\"https:\/\/math-in.net\/9imw\/\",\"name\":\"IX IBERIAN MODELLING WEEK\",\"description\":\"Otro sitio m\u00e1s de math-in sitios\",\"potentialAction\":[{\"@type\":\"SearchAction\",\"target\":{\"@type\":\"EntryPoint\",\"urlTemplate\":\"https:\/\/math-in.net\/9imw\/?s={search_term_string}\"},\"query-input\":\"required name=search_term_string\"}],\"inLanguage\":\"es\"},{\"@type\":\"WebPage\",\"@id\":\"https:\/\/math-in.net\/9imw\/pt\/inscricao\/#webpage\",\"url\":\"https:\/\/math-in.net\/9imw\/pt\/inscricao\/\",\"name\":\"Instru\u00e7\u00f5es para os participantes - IX IBERIAN MODELLING WEEK\",\"isPartOf\":{\"@id\":\"https:\/\/math-in.net\/9imw\/#website\"},\"datePublished\":\"2023-05-23T09:28:00+00:00\",\"dateModified\":\"2023-06-14T09:09:10+00:00\",\"breadcrumb\":{\"@id\":\"https:\/\/math-in.net\/9imw\/pt\/inscricao\/#breadcrumb\"},\"inLanguage\":\"es\",\"potentialAction\":[{\"@type\":\"ReadAction\",\"target\":[\"https:\/\/math-in.net\/9imw\/pt\/inscricao\/\"]}]},{\"@type\":\"BreadcrumbList\",\"@id\":\"https:\/\/math-in.net\/9imw\/pt\/inscricao\/#breadcrumb\",\"itemListElement\":[{\"@type\":\"ListItem\",\"position\":1,\"name\":\"Portada\",\"item\":\"https:\/\/math-in.net\/9imw\/\"},{\"@type\":\"ListItem\",\"position\":2,\"name\":\"Instru\u00e7\u00f5es para os participantes\"}]}]}<\/script>\n<!-- \/ Yoast SEO plugin. -->","yoast_head_json":{"title":"Instru\u00e7\u00f5es para os participantes - IX IBERIAN MODELLING WEEK","robots":{"index":"index","follow":"follow","max-snippet":"max-snippet:-1","max-image-preview":"max-image-preview:large","max-video-preview":"max-video-preview:-1"},"canonical":"https:\/\/math-in.net\/9imw\/pt\/inscricao\/","og_locale":"es_ES","og_type":"article","og_title":"Instru\u00e7\u00f5es para os participantes - IX IBERIAN MODELLING WEEK","og_description":"Instru\u00e7\u00f5es para os participantes A inscri\u00e7\u00e3o na IX Semana Ib\u00e9rica [&hellip;]","og_url":"https:\/\/math-in.net\/9imw\/pt\/inscricao\/","og_site_name":"IX IBERIAN MODELLING WEEK","article_modified_time":"2023-06-14T09:09:10+00:00","twitter_card":"summary_large_image","twitter_misc":{"Tiempo de lectura":"1 minuto"},"schema":{"@context":"https:\/\/schema.org","@graph":[{"@type":"WebSite","@id":"https:\/\/math-in.net\/9imw\/#website","url":"https:\/\/math-in.net\/9imw\/","name":"IX IBERIAN MODELLING WEEK","description":"Otro sitio m\u00e1s de math-in sitios","potentialAction":[{"@type":"SearchAction","target":{"@type":"EntryPoint","urlTemplate":"https:\/\/math-in.net\/9imw\/?s={search_term_string}"},"query-input":"required name=search_term_string"}],"inLanguage":"es"},{"@type":"WebPage","@id":"https:\/\/math-in.net\/9imw\/pt\/inscricao\/#webpage","url":"https:\/\/math-in.net\/9imw\/pt\/inscricao\/","name":"Instru\u00e7\u00f5es para os participantes - IX IBERIAN MODELLING WEEK","isPartOf":{"@id":"https:\/\/math-in.net\/9imw\/#website"},"datePublished":"2023-05-23T09:28:00+00:00","dateModified":"2023-06-14T09:09:10+00:00","breadcrumb":{"@id":"https:\/\/math-in.net\/9imw\/pt\/inscricao\/#breadcrumb"},"inLanguage":"es","potentialAction":[{"@type":"ReadAction","target":["https:\/\/math-in.net\/9imw\/pt\/inscricao\/"]}]},{"@type":"BreadcrumbList","@id":"https:\/\/math-in.net\/9imw\/pt\/inscricao\/#breadcrumb","itemListElement":[{"@type":"ListItem","position":1,"name":"Portada","item":"https:\/\/math-in.net\/9imw\/"},{"@type":"ListItem","position":2,"name":"Instru\u00e7\u00f5es para os participantes"}]}]}},"_links":{"self":[{"href":"https:\/\/math-in.net\/9imw\/wp-json\/wp\/v2\/pages\/63"}],"collection":[{"href":"https:\/\/math-in.net\/9imw\/wp-json\/wp\/v2\/pages"}],"about":[{"href":"https:\/\/math-in.net\/9imw\/wp-json\/wp\/v2\/types\/page"}],"author":[{"embeddable":true,"href":"https:\/\/math-in.net\/9imw\/wp-json\/wp\/v2\/users\/5"}],"replies":[{"embeddable":true,"href":"https:\/\/math-in.net\/9imw\/wp-json\/wp\/v2\/comments?post=63"}],"version-history":[{"count":8,"href":"https:\/\/math-in.net\/9imw\/wp-json\/wp\/v2\/pages\/63\/revisions"}],"predecessor-version":[{"id":422,"href":"https:\/\/math-in.net\/9imw\/wp-json\/wp\/v2\/pages\/63\/revisions\/422"}],"wp:attachment":[{"href":"https:\/\/math-in.net\/9imw\/wp-json\/wp\/v2\/media?parent=63"}],"curies":[{"name":"wp","href":"https:\/\/api.w.org\/{rel}","templated":true}]}}